{"id":227512,"date":"2021-06-28T06:53:13","date_gmt":"2021-06-28T06:53:13","guid":{"rendered":"https:\/\/vuf.lt\/projektai\/igem\/"},"modified":"2023-01-31T10:43:30","modified_gmt":"2023-01-31T10:43:30","slug":"igem2021","status":"publish","type":"projects","link":"https:\/\/vuf.lt\/en\/projects\/igem2021\/","title":{"rendered":"Support for synthetic biology team of VU \u201cVilnius-Lithuania iGEM\u201d 2021"},"content":{"rendered":"<p style=\"text-align: left;\"><span style=\"font-weight: 400;\"><strong>Vilnius-Lithuania iGEM<\/strong> team invites you to support young scientists from Vilnius University on their way to the<strong> international synthetic biology contest iGEM<\/strong> \u2013 The International Genetically Engineered Machine competition.<\/span><\/p>\n<p><img decoding=\"async\" class=\"alignnone wp-image-227330 size-full lazyload\" data-src=\"https:\/\/vuf.lt\/wp-content\/uploads\/2021\/06\/vuf_igem_ameba2.jpg\" alt=\"\" width=\"1024\" height=\"576\" data-srcset=\"https:\/\/vuf.lt\/wp-content\/uploads\/2021\/06\/vuf_igem_ameba2.jpg 1024w, https:\/\/vuf.lt\/wp-content\/uploads\/2021\/06\/vuf_igem_ameba2-300x169.jpg 300w, https:\/\/vuf.lt\/wp-content\/uploads\/2021\/06\/vuf_igem_ameba2-768x432.jpg 768w, https:\/\/vuf.lt\/wp-content\/uploads\/2021\/06\/vuf_igem_ameba2-810x456.jpg 810w, https:\/\/vuf.lt\/wp-content\/uploads\/2021\/06\/vuf_igem_ameba2-836x470.jpg 836w, https:\/\/vuf.lt\/wp-content\/uploads\/2021\/06\/vuf_igem_ameba2-380x214.jpg 380w, https:\/\/vuf.lt\/wp-content\/uploads\/2021\/06\/vuf_igem_ameba2-285x160.jpg 285w, https:\/\/vuf.lt\/wp-content\/uploads\/2021\/06\/vuf_igem_ameba2-650x366.jpg 650w, https:\/\/vuf.lt\/wp-content\/uploads\/2021\/06\/vuf_igem_ameba2-267x150.jpg 267w, https:\/\/vuf.lt\/wp-content\/uploads\/2021\/06\/vuf_igem_ameba2-444x250.jpg 444w, https:\/\/vuf.lt\/wp-content\/uploads\/2021\/06\/vuf_igem_ameba2-600x338.jpg 600w\" data-sizes=\"(max-width: 1024px) 100vw, 1024px\" src=\"data:image\/svg+xml;base64,PHN2ZyB3aWR0aD0iMSIgaGVpZ2h0PSIxIiB4bWxucz0iaHR0cDovL3d3dy53My5vcmcvMjAwMC9zdmciPjwvc3ZnPg==\" style=\"--smush-placeholder-width: 1024px; --smush-placeholder-aspect-ratio: 1024\/576;\" \/><\/p>\n<h3><span style=\"color: #333333;\">About iGEM competition<\/span><\/h3>\n<p><span style=\"font-weight: 400; color: #333333;\"><span style=\"font-weight: 400;\"><strong>The purpose of the contest is the advancement of synthetic biology.<\/strong> Interdisciplinary teams from universities around the globe gather to solve real-life problems with the help of molecular biology, engineering, biology, computer science and mathematics. Another big part of the contest is human practices &#8211; students aim to break the stereotypes and educate people about synthetic biology. Teams closely collaborate with scientists, government and businesses to integrate their solutions into the real world.<\/span> More: <a href=\"https:\/\/2021.igem.org\/\" target=\"_blank\" rel=\"noopener\">https:\/\/2021.igem.org\/<\/a><\/span><\/p>\n<p><span style=\"color: #333333;\"><img decoding=\"async\" class=\"aligncenter wp-image-227310 size-full lazyload\" data-src=\"https:\/\/vuf.lt\/wp-content\/uploads\/2021\/06\/vuf_igem_laboratory.jpg\" alt=\"\" width=\"100%\" height=\"auto\" data-srcset=\"https:\/\/vuf.lt\/wp-content\/uploads\/2021\/06\/vuf_igem_laboratory.jpg 1024w, https:\/\/vuf.lt\/wp-content\/uploads\/2021\/06\/vuf_igem_laboratory-300x168.jpg 300w, https:\/\/vuf.lt\/wp-content\/uploads\/2021\/06\/vuf_igem_laboratory-768x431.jpg 768w, https:\/\/vuf.lt\/wp-content\/uploads\/2021\/06\/vuf_igem_laboratory-810x455.jpg 810w, https:\/\/vuf.lt\/wp-content\/uploads\/2021\/06\/vuf_igem_laboratory-837x470.jpg 837w, https:\/\/vuf.lt\/wp-content\/uploads\/2021\/06\/vuf_igem_laboratory-380x213.jpg 380w, https:\/\/vuf.lt\/wp-content\/uploads\/2021\/06\/vuf_igem_laboratory-285x160.jpg 285w, https:\/\/vuf.lt\/wp-content\/uploads\/2021\/06\/vuf_igem_laboratory-650x365.jpg 650w, https:\/\/vuf.lt\/wp-content\/uploads\/2021\/06\/vuf_igem_laboratory-267x150.jpg 267w, https:\/\/vuf.lt\/wp-content\/uploads\/2021\/06\/vuf_igem_laboratory-445x250.jpg 445w, https:\/\/vuf.lt\/wp-content\/uploads\/2021\/06\/vuf_igem_laboratory-600x337.jpg 600w\" data-sizes=\"(max-width: 1024px) 100vw, 1024px\" src=\"data:image\/svg+xml;base64,PHN2ZyB3aWR0aD0iMSIgaGVpZ2h0PSIxIiB4bWxucz0iaHR0cDovL3d3dy53My5vcmcvMjAwMC9zdmciPjwvc3ZnPg==\" style=\"--smush-placeholder-width: 1024px; --smush-placeholder-aspect-ratio: 1024\/575;\" \/><\/span><\/p>\n<p>&nbsp;<\/p>\n<h3><span style=\"color: #333333;\">Out team<\/span><\/h3>\n<p><span style=\"font-weight: 400;\">Vilnius University&#8217;s team is participating in the competition for the <strong>7th time<\/strong>. Up to this year, we\u2019ve won <strong>gold medals<\/strong> annually. We\u2019ve also brought the <strong>grand prize<\/strong> for the best project back to Lithuania twice.<\/span><\/p>\n<p><strong><span style=\"color: #333333;\">\u201eVilnius-Lithuania iGEM\u201c team: <\/span><\/strong>Nikolajus Elkana Eimutis, Bernadeta Aleksandravi\u010di\u016bt\u0117, Karolis Sabutis, Ita \u010ciutait\u0117, Vita Ma\u010dinskait\u0117, Gintar\u0117 Petraityt\u0117, Ieva Pud\u017eiuvelyt\u0117, Dominykas \u0160pelveris, Guoda Tara\u0161kevi\u010di\u016bt\u0117, Greta Zaburait\u0117, Rimvyd\u0117 \u010cepait\u0117, Jok\u016bbas Putrius, Radvilas Bendorys, Edvardas Timo\u0161\u010denka, Saulius Lipkevi\u010dius. Principal Investigator \u2013 prof. Rolandas Me\u0161kys.<\/p>\n<p><span style=\"color: #333333;\"><img decoding=\"async\" class=\"alignnone wp-image-227936 size-full lazyload\" data-src=\"https:\/\/vuf.lt\/wp-content\/uploads\/2021\/06\/vuf_igem_komanda_2021.jpg\" alt=\"\" width=\"1024\" height=\"683\" data-srcset=\"https:\/\/vuf.lt\/wp-content\/uploads\/2021\/06\/vuf_igem_komanda_2021.jpg 1024w, https:\/\/vuf.lt\/wp-content\/uploads\/2021\/06\/vuf_igem_komanda_2021-300x200.jpg 300w, https:\/\/vuf.lt\/wp-content\/uploads\/2021\/06\/vuf_igem_komanda_2021-768x512.jpg 768w, https:\/\/vuf.lt\/wp-content\/uploads\/2021\/06\/vuf_igem_komanda_2021-810x540.jpg 810w, https:\/\/vuf.lt\/wp-content\/uploads\/2021\/06\/vuf_igem_komanda_2021-705x470.jpg 705w, https:\/\/vuf.lt\/wp-content\/uploads\/2021\/06\/vuf_igem_komanda_2021-380x253.jpg 380w, https:\/\/vuf.lt\/wp-content\/uploads\/2021\/06\/vuf_igem_komanda_2021-240x160.jpg 240w, https:\/\/vuf.lt\/wp-content\/uploads\/2021\/06\/vuf_igem_komanda_2021-650x434.jpg 650w, https:\/\/vuf.lt\/wp-content\/uploads\/2021\/06\/vuf_igem_komanda_2021-225x150.jpg 225w, https:\/\/vuf.lt\/wp-content\/uploads\/2021\/06\/vuf_igem_komanda_2021-375x250.jpg 375w, https:\/\/vuf.lt\/wp-content\/uploads\/2021\/06\/vuf_igem_komanda_2021-600x400.jpg 600w\" data-sizes=\"(max-width: 1024px) 100vw, 1024px\" src=\"data:image\/svg+xml;base64,PHN2ZyB3aWR0aD0iMSIgaGVpZ2h0PSIxIiB4bWxucz0iaHR0cDovL3d3dy53My5vcmcvMjAwMC9zdmciPjwvc3ZnPg==\" style=\"--smush-placeholder-width: 1024px; --smush-placeholder-aspect-ratio: 1024\/683;\" \/><\/span><\/p>\n<p>&nbsp;<\/p>\n<h3>What are we creating this year?<\/h3>\n<p><span style=\"font-weight: 400;\">We decided to focus on <\/span><i><span style=\"font-weight: 400;\"><strong>Entamoeba histolytica<\/strong><\/span><\/i><span style=\"font-weight: 400;\">&#8211; a microorganism that causes an infectious disease called amoebiasis<\/span><i><span style=\"font-weight: 400;\">. <\/span><\/i><span style=\"font-weight: 400;\">It infects around <strong>50 million<\/strong> people worldwide and causes up to <strong>100 000<\/strong> deaths<\/span> <span style=\"font-weight: 400;\">every year.<\/span><\/p>\n<p><span style=\"color: #333333;\"><img decoding=\"async\" class=\"aligncenter wp-image-227333 size-full lazyload\" data-src=\"https:\/\/vuf.lt\/wp-content\/uploads\/2021\/06\/vuf_igem_ameba3.jpg\" alt=\"\" width=\"1024\" height=\"575\" data-srcset=\"https:\/\/vuf.lt\/wp-content\/uploads\/2021\/06\/vuf_igem_ameba3.jpg 1024w, https:\/\/vuf.lt\/wp-content\/uploads\/2021\/06\/vuf_igem_ameba3-300x168.jpg 300w, https:\/\/vuf.lt\/wp-content\/uploads\/2021\/06\/vuf_igem_ameba3-768x431.jpg 768w, https:\/\/vuf.lt\/wp-content\/uploads\/2021\/06\/vuf_igem_ameba3-810x455.jpg 810w, https:\/\/vuf.lt\/wp-content\/uploads\/2021\/06\/vuf_igem_ameba3-837x470.jpg 837w, https:\/\/vuf.lt\/wp-content\/uploads\/2021\/06\/vuf_igem_ameba3-380x213.jpg 380w, https:\/\/vuf.lt\/wp-content\/uploads\/2021\/06\/vuf_igem_ameba3-285x160.jpg 285w, https:\/\/vuf.lt\/wp-content\/uploads\/2021\/06\/vuf_igem_ameba3-650x365.jpg 650w, https:\/\/vuf.lt\/wp-content\/uploads\/2021\/06\/vuf_igem_ameba3-267x150.jpg 267w, https:\/\/vuf.lt\/wp-content\/uploads\/2021\/06\/vuf_igem_ameba3-445x250.jpg 445w, https:\/\/vuf.lt\/wp-content\/uploads\/2021\/06\/vuf_igem_ameba3-600x337.jpg 600w\" data-sizes=\"(max-width: 1024px) 100vw, 1024px\" src=\"data:image\/svg+xml;base64,PHN2ZyB3aWR0aD0iMSIgaGVpZ2h0PSIxIiB4bWxucz0iaHR0cDovL3d3dy53My5vcmcvMjAwMC9zdmciPjwvc3ZnPg==\" style=\"--smush-placeholder-width: 1024px; --smush-placeholder-aspect-ratio: 1024\/575;\" \/><\/span><\/p>\n<p><span style=\"font-weight: 400;\">Our goal is to create a <strong>therapeutic compound<\/strong> that will diminish the virulence and viability of our target amoeba. We will achieve this by changing the genome of probiotic bacteria in a way that will make them produce a therapeutic compound called naringenin. <\/span><\/p>\n<p><span style=\"font-weight: 400;\">Another purpose of our project &#8211; development of a fast, <strong>low-cost and rapid test<\/strong> for the detection of an invasive amoeba infection. By using SELEX method we will carry out evolution of single-stranded DNA and will pick out specific aptamers that interact with proteins of <em>E. histolytica<\/em>.<\/span><\/p>\n<p><img decoding=\"async\" class=\"aligncenter wp-image-227357 size-full lazyload\" data-src=\"https:\/\/vuf.lt\/wp-content\/uploads\/2021\/06\/vuf_model-1.jpg\" alt=\"\" width=\"1024\" height=\"578\" data-srcset=\"https:\/\/vuf.lt\/wp-content\/uploads\/2021\/06\/vuf_model-1.jpg 1024w, https:\/\/vuf.lt\/wp-content\/uploads\/2021\/06\/vuf_model-1-300x169.jpg 300w, https:\/\/vuf.lt\/wp-content\/uploads\/2021\/06\/vuf_model-1-768x434.jpg 768w, https:\/\/vuf.lt\/wp-content\/uploads\/2021\/06\/vuf_model-1-810x457.jpg 810w, https:\/\/vuf.lt\/wp-content\/uploads\/2021\/06\/vuf_model-1-833x470.jpg 833w, https:\/\/vuf.lt\/wp-content\/uploads\/2021\/06\/vuf_model-1-380x214.jpg 380w, https:\/\/vuf.lt\/wp-content\/uploads\/2021\/06\/vuf_model-1-283x160.jpg 283w, https:\/\/vuf.lt\/wp-content\/uploads\/2021\/06\/vuf_model-1-650x367.jpg 650w, https:\/\/vuf.lt\/wp-content\/uploads\/2021\/06\/vuf_model-1-266x150.jpg 266w, https:\/\/vuf.lt\/wp-content\/uploads\/2021\/06\/vuf_model-1-443x250.jpg 443w, https:\/\/vuf.lt\/wp-content\/uploads\/2021\/06\/vuf_model-1-600x339.jpg 600w\" data-sizes=\"(max-width: 1024px) 100vw, 1024px\" src=\"data:image\/svg+xml;base64,PHN2ZyB3aWR0aD0iMSIgaGVpZ2h0PSIxIiB4bWxucz0iaHR0cDovL3d3dy53My5vcmcvMjAwMC9zdmciPjwvc3ZnPg==\" style=\"--smush-placeholder-width: 1024px; --smush-placeholder-aspect-ratio: 1024\/578;\" \/><\/p>\n<p>&nbsp;<\/p>\n<h3><span style=\"color: #333333;\">Other practices<\/span><\/h3>\n<p><span style=\"font-weight: 400;\">This year we\u2019re creating an augmented reality project <strong>\u201c6th sense of synbio\u201d<\/strong> where we explain the main concepts of synthetic biology. Our team is also working on an intermedia project where art meets science called <strong>\u201cSynthetic senses\u201d<\/strong>. Finally, our human practices squad is analysing problems that disabled students deal with in the STEM field. Get to know our timeline:<\/span><\/p>\n<p><img decoding=\"async\" class=\"aligncenter wp-image-227457 size-full lazyload\" data-src=\"https:\/\/vuf.lt\/wp-content\/uploads\/2021\/07\/vuf_timeline_eng.png\" alt=\"\" width=\"1024\" height=\"372\" data-srcset=\"https:\/\/vuf.lt\/wp-content\/uploads\/2021\/07\/vuf_timeline_eng.png 1024w, https:\/\/vuf.lt\/wp-content\/uploads\/2021\/07\/vuf_timeline_eng-300x109.png 300w, https:\/\/vuf.lt\/wp-content\/uploads\/2021\/07\/vuf_timeline_eng-768x279.png 768w, https:\/\/vuf.lt\/wp-content\/uploads\/2021\/07\/vuf_timeline_eng-810x294.png 810w, https:\/\/vuf.lt\/wp-content\/uploads\/2021\/07\/vuf_timeline_eng-380x138.png 380w, https:\/\/vuf.lt\/wp-content\/uploads\/2021\/07\/vuf_timeline_eng-285x104.png 285w, https:\/\/vuf.lt\/wp-content\/uploads\/2021\/07\/vuf_timeline_eng-650x236.png 650w, https:\/\/vuf.lt\/wp-content\/uploads\/2021\/07\/vuf_timeline_eng-413x150.png 413w, https:\/\/vuf.lt\/wp-content\/uploads\/2021\/07\/vuf_timeline_eng-688x250.png 688w, https:\/\/vuf.lt\/wp-content\/uploads\/2021\/07\/vuf_timeline_eng-600x218.png 600w\" data-sizes=\"(max-width: 1024px) 100vw, 1024px\" src=\"data:image\/svg+xml;base64,PHN2ZyB3aWR0aD0iMSIgaGVpZ2h0PSIxIiB4bWxucz0iaHR0cDovL3d3dy53My5vcmcvMjAwMC9zdmciPjwvc3ZnPg==\" style=\"--smush-placeholder-width: 1024px; --smush-placeholder-aspect-ratio: 1024\/372;\" \/><\/p>\n<p>&nbsp;<\/p>\n<h3><span style=\"color: #333333;\">Why do we need you support?<\/span><\/h3>\n<p><span style=\"font-weight: 400;\">Your support will allow us to purchase needed<strong> lab equipment<\/strong> &#8211; chemical reagents, ferments, sequencing kits, SELEX tools, buffers and many more. A great part of the funds will be used to <strong>fulfil human practice activities<\/strong>. Additional funds will allow us to spread the &#8220;6th sense of synbio&#8221; project widely, to design information packages and markers for schools, to adapt the educational content for people with intellectual disabilities. <\/span><\/p>\n<p><span style=\"font-weight: 400;\">Your support will also help to make the &#8220;Synthetic senses&#8221; project free and open for the public, to purchase needed equipment for the events and live stream them. Your help will also enable us to create an information campaign on the topic of amebiasis &#8211; prevention, detection, spread and to present it in public spaces.<\/span><\/p>\n<p><img decoding=\"async\" class=\"aligncenter wp-image-227455 size-full lazyload\" data-src=\"https:\/\/vuf.lt\/wp-content\/uploads\/2021\/07\/vuf_chart_eng.png\" alt=\"\" width=\"1024\" height=\"429\" data-srcset=\"https:\/\/vuf.lt\/wp-content\/uploads\/2021\/07\/vuf_chart_eng.png 1024w, https:\/\/vuf.lt\/wp-content\/uploads\/2021\/07\/vuf_chart_eng-300x126.png 300w, https:\/\/vuf.lt\/wp-content\/uploads\/2021\/07\/vuf_chart_eng-768x322.png 768w, https:\/\/vuf.lt\/wp-content\/uploads\/2021\/07\/vuf_chart_eng-810x339.png 810w, https:\/\/vuf.lt\/wp-content\/uploads\/2021\/07\/vuf_chart_eng-380x159.png 380w, https:\/\/vuf.lt\/wp-content\/uploads\/2021\/07\/vuf_chart_eng-285x119.png 285w, https:\/\/vuf.lt\/wp-content\/uploads\/2021\/07\/vuf_chart_eng-650x272.png 650w, https:\/\/vuf.lt\/wp-content\/uploads\/2021\/07\/vuf_chart_eng-358x150.png 358w, https:\/\/vuf.lt\/wp-content\/uploads\/2021\/07\/vuf_chart_eng-597x250.png 597w, https:\/\/vuf.lt\/wp-content\/uploads\/2021\/07\/vuf_chart_eng-600x251.png 600w\" data-sizes=\"(max-width: 1024px) 100vw, 1024px\" src=\"data:image\/svg+xml;base64,PHN2ZyB3aWR0aD0iMSIgaGVpZ2h0PSIxIiB4bWxucz0iaHR0cDovL3d3dy53My5vcmcvMjAwMC9zdmciPjwvc3ZnPg==\" style=\"--smush-placeholder-width: 1024px; --smush-placeholder-aspect-ratio: 1024\/429;\" \/><\/p>\n<h3><\/h3>\n<h3><span style=\"color: #333333;\">Gifts!<\/span><\/h3>\n<p>Every supporter will receive a personal Thank you email with more information about our project attached. If your donation is <strong>\u20ac25<\/strong> or more, we will send you some virtual gifts!<\/p>\n<p><img decoding=\"async\" class=\"aligncenter wp-image-227349 size-full lazyload\" data-src=\"https:\/\/vuf.lt\/wp-content\/uploads\/2021\/06\/vuf_dovana.jpg\" alt=\"\" width=\"1024\" height=\"665\" data-srcset=\"https:\/\/vuf.lt\/wp-content\/uploads\/2021\/06\/vuf_dovana.jpg 1024w, https:\/\/vuf.lt\/wp-content\/uploads\/2021\/06\/vuf_dovana-300x195.jpg 300w, https:\/\/vuf.lt\/wp-content\/uploads\/2021\/06\/vuf_dovana-768x499.jpg 768w, https:\/\/vuf.lt\/wp-content\/uploads\/2021\/06\/vuf_dovana-810x526.jpg 810w, https:\/\/vuf.lt\/wp-content\/uploads\/2021\/06\/vuf_dovana-724x470.jpg 724w, https:\/\/vuf.lt\/wp-content\/uploads\/2021\/06\/vuf_dovana-380x247.jpg 380w, https:\/\/vuf.lt\/wp-content\/uploads\/2021\/06\/vuf_dovana-246x160.jpg 246w, https:\/\/vuf.lt\/wp-content\/uploads\/2021\/06\/vuf_dovana-650x422.jpg 650w, https:\/\/vuf.lt\/wp-content\/uploads\/2021\/06\/vuf_dovana-231x150.jpg 231w, https:\/\/vuf.lt\/wp-content\/uploads\/2021\/06\/vuf_dovana-385x250.jpg 385w, https:\/\/vuf.lt\/wp-content\/uploads\/2021\/06\/vuf_dovana-600x390.jpg 600w\" data-sizes=\"(max-width: 1024px) 100vw, 1024px\" src=\"data:image\/svg+xml;base64,PHN2ZyB3aWR0aD0iMSIgaGVpZ2h0PSIxIiB4bWxucz0iaHR0cDovL3d3dy53My5vcmcvMjAwMC9zdmciPjwvc3ZnPg==\" style=\"--smush-placeholder-width: 1024px; --smush-placeholder-aspect-ratio: 1024\/665;\" \/><\/p>\n<p><span style=\"font-weight: 400; color: #333333;\"><span style=\"font-weight: 400;\">Become a part of our project and help Vilnius-Lithuania iGEM team on the journey to international science waters!<\/span> More about<strong> \u201eVilnius-Lithuania iGEM\u201c: <a style=\"color: #333333;\" href=\"https:\/\/vilniusigem.lt\/\" target=\"_blank\" rel=\"noopener\">vilniusigem.lt<\/a>, <a style=\"color: #333333;\" href=\"https:\/\/www.facebook.com\/VilniusiGEM\/\" target=\"_blank\" rel=\"noopener\">Facebook<\/a>, <a style=\"color: #333333;\" href=\"https:\/\/www.instagram.com\/igem_vilnius\/\" target=\"_blank\" rel=\"noopener\">Instagram<\/a>, <a style=\"color: #333333;\" href=\"https:\/\/www.linkedin.com\/company\/vilnius-igem\/\" target=\"_blank\" rel=\"noopener\">LinkedIn<\/a>.<\/strong><\/span><\/p>\n","protected":false},"featured_media":227933,"template":"","project_type":[19],"class_list":["post-227512","projects","type-projects","status-publish","has-post-thumbnail","hentry","project_type-finansuoti"],"acf":[],"yoast_head":"<!-- This site is optimized with the Yoast SEO plugin v27.2 - https:\/\/yoast.com\/product\/yoast-seo-wordpress\/ -->\n<title>Support for synthetic biology team of VU \u201cVilnius-Lithuania iGEM\u201d 2021 - Vilnius University Foundation<\/title>\n<meta name=\"description\" content=\"Kvie\u010diame prisid\u0117ti prie VU jaun\u0173j\u0173 mokslinink\u0173 komandos \u201eVilnius iGEM\u201c dalyvavimo tarptautiniame sintetin\u0117s biologijos konkurse \u201eiGEM 2021\u201c\" \/>\n<meta name=\"robots\" content=\"index, follow, max-snippet:-1, max-image-preview:large, max-video-preview:-1\" \/>\n<meta property=\"og:locale\" content=\"en_US\" \/>\n<meta property=\"og:type\" content=\"article\" \/>\n<meta property=\"og:title\" content=\"Skirkite param\u0105 Vilniaus universiteto jaun\u0173j\u0173 mokslinink\u0173 komandai \u201eVilnius-Lithuania iGEM\u201c\" \/>\n<meta property=\"og:description\" content=\"Kvie\u010diame prisid\u0117ti prie VU jaun\u0173j\u0173 mokslinink\u0173 komandos \u201eVilnius iGEM\u201c dalyvavimo tarptautiniame sintetin\u0117s biologijos konkurse \u201eiGEM 2021\u201c\" \/>\n<meta property=\"og:url\" content=\"https:\/\/vuf.lt\/projects\/igem2021\/\" \/>\n<meta property=\"og:site_name\" content=\"Vilnius University Foundation\" \/>\n<meta property=\"article:modified_time\" content=\"2023-01-31T10:43:30+00:00\" \/>\n<meta property=\"og:image\" content=\"https:\/\/vuf.lt\/wp-content\/uploads\/2021\/06\/vuf_igem_social3.jpg\" \/>\n\t<meta property=\"og:image:width\" content=\"1200\" \/>\n\t<meta property=\"og:image:height\" content=\"630\" \/>\n\t<meta property=\"og:image:type\" content=\"image\/jpeg\" \/>\n<meta name=\"twitter:card\" content=\"summary_large_image\" \/>\n<meta name=\"twitter:title\" content=\"Skirkite param\u0105 Vilniaus universiteto jaun\u0173j\u0173 mokslinink\u0173 komandai \u201eVilnius-Lithuania iGEM\u201c\" \/>\n<meta name=\"twitter:description\" content=\"Kvie\u010diame prisid\u0117ti prie VU jaun\u0173j\u0173 mokslinink\u0173 komandos \u201eVilnius iGEM\u201c dalyvavimo tarptautiniame sintetin\u0117s biologijos konkurse \u201eiGEM 2021\u201c\" \/>\n<meta name=\"twitter:image\" content=\"https:\/\/vuf.lt\/wp-content\/uploads\/2021\/06\/vuf_igem_social3.jpg\" \/>\n<meta name=\"twitter:label1\" content=\"Est. reading time\" \/>\n\t<meta name=\"twitter:data1\" content=\"5 minutes\" \/>\n<script type=\"application\/ld+json\" class=\"yoast-schema-graph\">{\"@context\":\"https:\/\/schema.org\",\"@graph\":[{\"@type\":\"WebPage\",\"@id\":\"https:\/\/vuf.lt\/projects\/igem2021\/\",\"url\":\"https:\/\/vuf.lt\/projects\/igem2021\/\",\"name\":\"Support for synthetic biology team of VU \u201cVilnius-Lithuania iGEM\u201d 2021 - Vilnius University Foundation\",\"isPartOf\":{\"@id\":\"https:\/\/vuf.lt\/#website\"},\"primaryImageOfPage\":{\"@id\":\"https:\/\/vuf.lt\/projects\/igem2021\/#primaryimage\"},\"image\":{\"@id\":\"https:\/\/vuf.lt\/projects\/igem2021\/#primaryimage\"},\"thumbnailUrl\":\"https:\/\/vuf.lt\/wp-content\/uploads\/2021\/06\/vuf_igem2021-1.jpg\",\"datePublished\":\"2021-06-28T06:53:13+00:00\",\"dateModified\":\"2023-01-31T10:43:30+00:00\",\"description\":\"Kvie\u010diame prisid\u0117ti prie VU jaun\u0173j\u0173 mokslinink\u0173 komandos \u201eVilnius iGEM\u201c dalyvavimo tarptautiniame sintetin\u0117s biologijos konkurse \u201eiGEM 2021\u201c\",\"breadcrumb\":{\"@id\":\"https:\/\/vuf.lt\/projects\/igem2021\/#breadcrumb\"},\"inLanguage\":\"en-US\",\"potentialAction\":[{\"@type\":\"ReadAction\",\"target\":[\"https:\/\/vuf.lt\/projects\/igem2021\/\"]}]},{\"@type\":\"ImageObject\",\"inLanguage\":\"en-US\",\"@id\":\"https:\/\/vuf.lt\/projects\/igem2021\/#primaryimage\",\"url\":\"https:\/\/vuf.lt\/wp-content\/uploads\/2021\/06\/vuf_igem2021-1.jpg\",\"contentUrl\":\"https:\/\/vuf.lt\/wp-content\/uploads\/2021\/06\/vuf_igem2021-1.jpg\",\"width\":650,\"height\":366},{\"@type\":\"BreadcrumbList\",\"@id\":\"https:\/\/vuf.lt\/projects\/igem2021\/#breadcrumb\",\"itemListElement\":[{\"@type\":\"ListItem\",\"position\":1,\"name\":\"Home\",\"item\":\"https:\/\/vuf.lt\/en\/\"},{\"@type\":\"ListItem\",\"position\":2,\"name\":\"Support for synthetic biology team of VU \u201cVilnius-Lithuania iGEM\u201d 2021\"}]},{\"@type\":\"WebSite\",\"@id\":\"https:\/\/vuf.lt\/#website\",\"url\":\"https:\/\/vuf.lt\/\",\"name\":\"Vilnius University Foundation\",\"description\":\"Donate to the sustainable endowment fund. Your donation is smartly invested. Return on investment is used to finance Vilnius University, and reinvested.\",\"potentialAction\":[{\"@type\":\"SearchAction\",\"target\":{\"@type\":\"EntryPoint\",\"urlTemplate\":\"https:\/\/vuf.lt\/?s={search_term_string}\"},\"query-input\":{\"@type\":\"PropertyValueSpecification\",\"valueRequired\":true,\"valueName\":\"search_term_string\"}}],\"inLanguage\":\"en-US\"}]}<\/script>\n<!-- \/ Yoast SEO plugin. -->","yoast_head_json":{"title":"Support for synthetic biology team of VU \u201cVilnius-Lithuania iGEM\u201d 2021 - Vilnius University Foundation","description":"Kvie\u010diame prisid\u0117ti prie VU jaun\u0173j\u0173 mokslinink\u0173 komandos \u201eVilnius iGEM\u201c dalyvavimo tarptautiniame sintetin\u0117s biologijos konkurse \u201eiGEM 2021\u201c","robots":{"index":"index","follow":"follow","max-snippet":"max-snippet:-1","max-image-preview":"max-image-preview:large","max-video-preview":"max-video-preview:-1"},"og_locale":"en_US","og_type":"article","og_title":"Skirkite param\u0105 Vilniaus universiteto jaun\u0173j\u0173 mokslinink\u0173 komandai \u201eVilnius-Lithuania iGEM\u201c","og_description":"Kvie\u010diame prisid\u0117ti prie VU jaun\u0173j\u0173 mokslinink\u0173 komandos \u201eVilnius iGEM\u201c dalyvavimo tarptautiniame sintetin\u0117s biologijos konkurse \u201eiGEM 2021\u201c","og_url":"https:\/\/vuf.lt\/projects\/igem2021\/","og_site_name":"Vilnius University Foundation","article_modified_time":"2023-01-31T10:43:30+00:00","og_image":[{"width":1200,"height":630,"url":"https:\/\/vuf.lt\/wp-content\/uploads\/2021\/06\/vuf_igem_social3.jpg","type":"image\/jpeg"}],"twitter_card":"summary_large_image","twitter_title":"Skirkite param\u0105 Vilniaus universiteto jaun\u0173j\u0173 mokslinink\u0173 komandai \u201eVilnius-Lithuania iGEM\u201c","twitter_description":"Kvie\u010diame prisid\u0117ti prie VU jaun\u0173j\u0173 mokslinink\u0173 komandos \u201eVilnius iGEM\u201c dalyvavimo tarptautiniame sintetin\u0117s biologijos konkurse \u201eiGEM 2021\u201c","twitter_image":"https:\/\/vuf.lt\/wp-content\/uploads\/2021\/06\/vuf_igem_social3.jpg","twitter_misc":{"Est. reading time":"5 minutes"},"schema":{"@context":"https:\/\/schema.org","@graph":[{"@type":"WebPage","@id":"https:\/\/vuf.lt\/projects\/igem2021\/","url":"https:\/\/vuf.lt\/projects\/igem2021\/","name":"Support for synthetic biology team of VU \u201cVilnius-Lithuania iGEM\u201d 2021 - Vilnius University Foundation","isPartOf":{"@id":"https:\/\/vuf.lt\/#website"},"primaryImageOfPage":{"@id":"https:\/\/vuf.lt\/projects\/igem2021\/#primaryimage"},"image":{"@id":"https:\/\/vuf.lt\/projects\/igem2021\/#primaryimage"},"thumbnailUrl":"https:\/\/vuf.lt\/wp-content\/uploads\/2021\/06\/vuf_igem2021-1.jpg","datePublished":"2021-06-28T06:53:13+00:00","dateModified":"2023-01-31T10:43:30+00:00","description":"Kvie\u010diame prisid\u0117ti prie VU jaun\u0173j\u0173 mokslinink\u0173 komandos \u201eVilnius iGEM\u201c dalyvavimo tarptautiniame sintetin\u0117s biologijos konkurse \u201eiGEM 2021\u201c","breadcrumb":{"@id":"https:\/\/vuf.lt\/projects\/igem2021\/#breadcrumb"},"inLanguage":"en-US","potentialAction":[{"@type":"ReadAction","target":["https:\/\/vuf.lt\/projects\/igem2021\/"]}]},{"@type":"ImageObject","inLanguage":"en-US","@id":"https:\/\/vuf.lt\/projects\/igem2021\/#primaryimage","url":"https:\/\/vuf.lt\/wp-content\/uploads\/2021\/06\/vuf_igem2021-1.jpg","contentUrl":"https:\/\/vuf.lt\/wp-content\/uploads\/2021\/06\/vuf_igem2021-1.jpg","width":650,"height":366},{"@type":"BreadcrumbList","@id":"https:\/\/vuf.lt\/projects\/igem2021\/#breadcrumb","itemListElement":[{"@type":"ListItem","position":1,"name":"Home","item":"https:\/\/vuf.lt\/en\/"},{"@type":"ListItem","position":2,"name":"Support for synthetic biology team of VU \u201cVilnius-Lithuania iGEM\u201d 2021"}]},{"@type":"WebSite","@id":"https:\/\/vuf.lt\/#website","url":"https:\/\/vuf.lt\/","name":"Vilnius University Foundation","description":"Donate to the sustainable endowment fund. Your donation is smartly invested. Return on investment is used to finance Vilnius University, and reinvested.","potentialAction":[{"@type":"SearchAction","target":{"@type":"EntryPoint","urlTemplate":"https:\/\/vuf.lt\/?s={search_term_string}"},"query-input":{"@type":"PropertyValueSpecification","valueRequired":true,"valueName":"search_term_string"}}],"inLanguage":"en-US"}]}},"_links":{"self":[{"href":"https:\/\/vuf.lt\/en\/wp-json\/wp\/v2\/projects\/227512","targetHints":{"allow":["GET"]}}],"collection":[{"href":"https:\/\/vuf.lt\/en\/wp-json\/wp\/v2\/projects"}],"about":[{"href":"https:\/\/vuf.lt\/en\/wp-json\/wp\/v2\/types\/projects"}],"wp:featuredmedia":[{"embeddable":true,"href":"https:\/\/vuf.lt\/en\/wp-json\/wp\/v2\/media\/227933"}],"wp:attachment":[{"href":"https:\/\/vuf.lt\/en\/wp-json\/wp\/v2\/media?parent=227512"}],"wp:term":[{"taxonomy":"project_type","embeddable":true,"href":"https:\/\/vuf.lt\/en\/wp-json\/wp\/v2\/project_type?post=227512"}],"curies":[{"name":"wp","href":"https:\/\/api.w.org\/{rel}","templated":true}]}}